{"id":11,"date":"2019-01-09T23:41:56","date_gmt":"2019-01-09T23:41:56","guid":{"rendered":"http:\/\/server2web.com\/magnasco\/?page_id=11"},"modified":"2019-05-20T14:38:07","modified_gmt":"2019-05-20T14:38:07","slug":"educacion","status":"publish","type":"page","link":"http:\/\/www.institutomagnasco.org.ar\/?page_id=11","title":{"rendered":"Educaci\u00f3n"},"content":{"rendered":"<p>[vc_row][vc_column][vc_column_text]<span style=\"font-size: 20px;\">Trayectoria en <strong>ense\u00f1anza<\/strong><\/span><\/p>\n<p>La educaci\u00f3n ha sido uno de los grandes objetivos de la entidad, tanto que fue de las primeras en la ense\u00f1anza de Idiomas, M\u00fasica, Danzas, Teatro, Dibujo, Pintura, Encuadernaci\u00f3n e Inform\u00e1tica.<\/p>\n<p>Sumado a esto, el Magnasco desarrolla una intensa actividad cultural-educativa, a trav\u00e9s de exposiciones, congresos, conferencias, concursos, presentaciones de libros, visitas guiadas.<\/p>\n<p>[\/vc_column_text][\/vc_column][\/vc_row][vc_row][vc_column width=&#8221;1\/4&#8243;][vc_single_image image=&#8221;1271&#8243; img_size=&#8221;medium&#8221; alignment=&#8221;center&#8221; css_animation=&#8221;fadeInRight&#8221; label=&#8221;&#8221;][\/vc_column][vc_column width=&#8221;1\/4&#8243;][vc_single_image image=&#8221;1272&#8243; img_size=&#8221;medium&#8221; alignment=&#8221;center&#8221; css_animation=&#8221;fadeInRight&#8221; label=&#8221;&#8221;][\/vc_column][vc_column width=&#8221;1\/4&#8243;][vc_single_image image=&#8221;1273&#8243; img_size=&#8221;medium&#8221; alignment=&#8221;center&#8221; css_animation=&#8221;fadeInRight&#8221; label=&#8221;&#8221;][\/vc_column][vc_column width=&#8221;1\/4&#8243;][vc_single_image image=&#8221;1274&#8243; img_size=&#8221;medium&#8221; alignment=&#8221;center&#8221; css_animation=&#8221;fadeInRight&#8221; label=&#8221;&#8221;][\/vc_column][\/vc_row][vc_row][vc_column width=&#8221;1\/4&#8243;][vc_single_image image=&#8221;1275&#8243; img_size=&#8221;medium&#8221; alignment=&#8221;center&#8221; css_animation=&#8221;fadeInLeft&#8221; label=&#8221;&#8221;][\/vc_column][vc_column width=&#8221;1\/4&#8243;][vc_single_image image=&#8221;1276&#8243; img_size=&#8221;medium&#8221; alignment=&#8221;center&#8221; css_animation=&#8221;fadeInLeft&#8221; label=&#8221;&#8221;][\/vc_column][vc_column width=&#8221;1\/4&#8243;][vc_single_image image=&#8221;1277&#8243; img_size=&#8221;medium&#8221; alignment=&#8221;center&#8221; css_animation=&#8221;fadeInLeft&#8221; label=&#8221;&#8221;][\/vc_column][vc_column width=&#8221;1\/4&#8243;][vc_single_image image=&#8221;1278&#8243; img_size=&#8221;medium&#8221; alignment=&#8221;center&#8221; css_animation=&#8221;fadeInLeft&#8221; label=&#8221;&#8221;][\/vc_column][\/vc_row][vc_row full_width=&#8221;stretch_row&#8221; css=&#8221;.vc_custom_1552657108901{background-color: #e8e5dc !important;background-position: center !important;background-repeat: no-repeat !important;background-size: cover !important;}&#8221;][vc_column][vc_column_text css=&#8221;.vc_custom_1557517252061{background-color: #e8e5dc !important;}&#8221;]<\/p>\n<p style=\"text-align: center;\"><span style=\"font-size: 18px;\"><strong>Grandes proyectos institucionales vigentes<\/strong><\/span><\/p>\n<p style=\"text-align: center;\"><strong>&#8211; Pura Curiosidad:<\/strong> exposici\u00f3n anual de testimonios antiguos y significativos referidos a la historia de la ciudad. (Desde 1997)<\/p>\n<p style=\"text-align: center;\"><strong>&#8211; El museo<\/strong>, un espacio para educar: programa facilitador de aprendizajes acordado con los centros de ense\u00f1anza. (Desde 1998)<\/p>\n<p style=\"text-align: center;\"><strong>&#8211; Los Memoriosos:<\/strong> recopilaci\u00f3n de testimonios orales y escritos de la comunidad sobre el pasado de Gualeguaych\u00fa. (Desde 2003)<\/p>\n<p style=\"text-align: center;\"><strong>&#8211; Narraci\u00f3n de cuentos para ni\u00f1os, adolescentes y adultos.<\/strong> (Desde 2014)<\/p>\n<p style=\"text-align: center;\"><strong>&#8211; Centro de informaci\u00f3n y de documentaci\u00f3n del patrimonio hist\u00f3rico-cultural de Gualeguaych\u00fa.<\/strong> (Desde 2019)<\/p>\n<p>[\/vc_column_text][\/vc_column][\/vc_row][vc_row][vc_column][vc_column_text]<span style=\"font-size: 18px;\"><strong>Educaci\u00f3n para crecer<\/strong><\/span><\/p>\n<p>En el Instituto, actividades permanentes -cursos de Ingl\u00e9s y taller de Encuadernaci\u00f3n- y actividades a t\u00e9rmino que responden a diferentes inquietudes y posibilidades.<\/p>\n<p>Escuela Camila Nievas: cursos permanentes, de uno o dos a\u00f1os, que se renuevan cumplido un determinado ciclo.<\/p>\n<p>Para mayor informaci\u00f3n, por favor comun\u00edquese personalmente, a los tel\u00e9fonos (03446) <strong>42 7287 &#8211; 42 9913<\/strong> o a trav\u00e9s de la secci\u00f3n contacto de nuestro sitio web.[\/vc_column_text][\/vc_column][\/vc_row][vc_row][vc_column width=&#8221;1\/3&#8243;][vc_single_image image=&#8221;1124&#8243; img_size=&#8221;medium&#8221; css_animation=&#8221;slideInUp&#8221;][\/vc_column][vc_column width=&#8221;1\/3&#8243;][vc_single_image image=&#8221;1125&#8243; img_size=&#8221;medium&#8221; css_animation=&#8221;slideInUp&#8221;][\/vc_column][vc_column width=&#8221;1\/3&#8243;][vc_single_image image=&#8221;1126&#8243; img_size=&#8221;medium&#8221; css_animation=&#8221;slideInUp&#8221;][\/vc_column][\/vc_row][vc_row][vc_column width=&#8221;1\/3&#8243;][vc_column_text]<span style=\"font-size: 18px;\"><strong>Cursos<\/strong><\/span><\/p>\n<p><em><span style=\"font-size: 20px;\"><strong>Ingl\u00e9s en el Magnasco<\/strong><\/span><\/em><\/p>\n<p><strong>Clases f\u00e1ciles, entretenidas y \u00fatiles para ni\u00f1os, j\u00f3venes y adultos.<\/strong><\/p>\n<p>Ex\u00e1menes internaciones: KET, PET, FIRST,ADVANCE TOEFL.<\/p>\n<p>Adquisici\u00f3n natural de Ingl\u00e9s como la lengua materna.<\/p>\n<p>Clases de conversaci\u00f3n por niveles.<\/p>\n<p>Taylor made (a medida del interesado).<\/p>\n<p>Ingl\u00e9s t\u00e9cnico.[\/vc_column_text][\/vc_column][vc_column width=&#8221;1\/3&#8243;][vc_column_text]<span style=\"font-size: 18px;\"><strong>Talleres<\/strong><\/span><\/p>\n<p><em><span style=\"font-size: 20px;\"><strong>Taller de Encuadernaci\u00f3n<\/strong><\/span><\/em><\/p>\n<p><strong>Con salida laboral.<\/strong><\/p>\n<p>Especial para quienes deseen introducirse en el oficio; confeccionar sus propios libros, cuadernos y anotadores y realizar trabajos m\u00e1s complejos, como el cosido de cuadernillos, el armado de tapas y el entapado final.[\/vc_column_text][\/vc_column][vc_column width=&#8221;1\/3&#8243;][vc_column_text]<span style=\"font-size: 18px;\"><strong>Escuela Camila Nievas<\/strong><\/span><\/p>\n<p><em><span style=\"font-size: 18px;\"><strong>Escuela Privada N\u00b046 de Capacitaci\u00f3n Laboral para la Formaci\u00f3n Profesional.<\/strong><\/span><\/em><\/p>\n<p><strong>Cursos con t\u00edtulos oficiales | Uno o dos a\u00f1os de duraci\u00f3n | Aranceles mensuales accesibles.<\/strong><\/p>\n<p>Gasista de unidades unifuncionales<\/p>\n<p>Refrigeraci\u00f3n y aire acondicionado<\/p>\n<p>Administraci\u00f3n contable<\/p>\n<p>Restauraci\u00f3n de muebles<\/p>\n<p>Tapicer\u00eda<\/p>\n<p>Operador inform\u00e1tico b\u00e1sico y avanzado<\/p>\n<p>Decoraci\u00f3n de interiores<\/p>\n<p>Dibujo t\u00e9cnico<\/p>\n<p>Dise\u00f1o con programa asistido por computadora[\/vc_column_text][\/vc_column][\/vc_row]<\/p>\n<!-- \/wp:post-content -->","protected":false},"excerpt":{"rendered":"<p>[vc_row][vc_column][vc_column_text]Trayectoria en ense\u00f1anza La educaci\u00f3n ha sido uno de los grandes objetivos de la entidad, tanto que fue de las primeras en la ense\u00f1anza de Idiomas, M\u00fasica, Danzas, Teatro, Dibujo, Pintura, Encuadernaci\u00f3n e Inform\u00e1tica. Sumado a esto, el Magnasco desarrolla una intensa actividad cultural-educativa, a trav\u00e9s de exposiciones, congresos, conferencias, concursos, presentaciones de libros, visitas [&hellip;]<\/p>\n","protected":false},"author":2,"featured_media":0,"parent":0,"menu_order":0,"comment_status":"closed","ping_status":"closed","template":"","meta":{"footnotes":""},"class_list":["post-11","page","type-page","status-publish","hentry"],"_links":{"self":[{"href":"http:\/\/www.institutomagnasco.org.ar\/index.php?rest_route=\/wp\/v2\/pages\/11","targetHints":{"allow":["GET"]}}],"collection":[{"href":"http:\/\/www.institutomagnasco.org.ar\/index.php?rest_route=\/wp\/v2\/pages"}],"about":[{"href":"http:\/\/www.institutomagnasco.org.ar\/index.php?rest_route=\/wp\/v2\/types\/page"}],"author":[{"embeddable":true,"href":"http:\/\/www.institutomagnasco.org.ar\/index.php?rest_route=\/wp\/v2\/users\/2"}],"replies":[{"embeddable":true,"href":"http:\/\/www.institutomagnasco.org.ar\/index.php?rest_route=%2Fwp%2Fv2%2Fcomments&post=11"}],"version-history":[{"count":57,"href":"http:\/\/www.institutomagnasco.org.ar\/index.php?rest_route=\/wp\/v2\/pages\/11\/revisions"}],"predecessor-version":[{"id":1279,"href":"http:\/\/www.institutomagnasco.org.ar\/index.php?rest_route=\/wp\/v2\/pages\/11\/revisions\/1279"}],"wp:attachment":[{"href":"http:\/\/www.institutomagnasco.org.ar\/index.php?rest_route=%2Fwp%2Fv2%2Fmedia&parent=11"}],"curies":[{"name":"wp","href":"https:\/\/api.w.org\/{rel}","templated":true}]}}